{"id":14119,"date":"2022-04-12T09:23:55","date_gmt":"2022-04-12T09:23:55","guid":{"rendered":"https:\/\/www.lasalavincon.com\/la-sala-1940\/"},"modified":"2022-04-12T11:44:47","modified_gmt":"2022-04-12T11:44:47","slug":"la-sala-1940","status":"publish","type":"page","link":"https:\/\/www.lasalavincon.com\/en\/la-sala-1940\/","title":{"rendered":"1940"},"content":{"rendered":"<p><div id=\"fusion-scroll-section-1\" class=\"fusion-scroll-section\" data-section=\"1\" ><div class=\"fusion-scroll-section-element active\" data-section=\"1\" data-element=\"1\" style=\"transition-duration:450ms;&quot;\" ><div class=\"fusion-fullwidth fullwidth-box fusion-builder-row-1 nonhundred-percent-fullwidth hundred-percent-height hundred-percent-height-center-content hundred-percent-height-scrolling fusion-equal-height-columns\" style=\"background-color: #000000;background-position: left top;background-repeat: no-repeat;padding-top:65px;padding-right:0px;padding-bottom:50px;padding-left:0px;margin-bottom: 0px;margin-top: 0px;border-width: 0px 0px 0px 0px;border-color:#c6c6c6;border-style:solid;\" ><div class=\"fusion-fullwidth-center-content\"><div class=\"fusion-builder-row fusion-row\"><div class=\"fusion-layout-column fusion_builder_column fusion-builder-column-0 fusion_builder_column_1_2 1_2 fusion-one-half fusion-column-first\" style=\"width:48%; margin-right: 4%;margin-top:0px;margin-bottom:0px;\"><div class=\"fusion-column-wrapper fusion-flex-column-wrapper-legacy\" style=\"background-position:left top;background-repeat:no-repeat;-webkit-background-size:cover;-moz-background-size:cover;-o-background-size:cover;background-size:cover;padding: 0px 0px 0px 0px;\"><div class=\"fusion-column-content-centered\"><div class=\"fusion-column-content\"><span class=\" fusion-imageframe imageframe-none imageframe-1 hover-type-none\"><img decoding=\"async\" width=\"1800\" height=\"1200\" title=\"000_1\" src=\"https:\/\/www.lasalavincon.com\/wp-content\/uploads\/2022\/04\/000_1.jpg\" alt class=\"img-responsive wp-image-14145\" srcset=\"https:\/\/www.lasalavincon.com\/wp-content\/uploads\/2022\/04\/000_1-200x133.jpg 200w, https:\/\/www.lasalavincon.com\/wp-content\/uploads\/2022\/04\/000_1-400x267.jpg 400w, https:\/\/www.lasalavincon.com\/wp-content\/uploads\/2022\/04\/000_1-600x400.jpg 600w, https:\/\/www.lasalavincon.com\/wp-content\/uploads\/2022\/04\/000_1-800x533.jpg 800w, https:\/\/www.lasalavincon.com\/wp-content\/uploads\/2022\/04\/000_1-1200x800.jpg 1200w, https:\/\/www.lasalavincon.com\/wp-content\/uploads\/2022\/04\/000_1.jpg 1800w\" sizes=\"(max-width: 800px) 100vw, 800px\" \/><\/span><\/div><\/div><div class=\"fusion-clearfix\"><\/div><\/div><\/div><div class=\"fusion-layout-column fusion_builder_column fusion-builder-column-1 fusion_builder_column_1_2 1_2 fusion-one-half fusion-column-last\" style=\"width:48%;margin-top:0px;margin-bottom:0px;\"><div class=\"fusion-column-wrapper fusion-flex-column-wrapper-legacy\" style=\"background-position:left top;background-repeat:no-repeat;-webkit-background-size:cover;-moz-background-size:cover;-o-background-size:cover;background-size:cover;padding: 0px 0px 0px 0px;\"><div class=\"fusion-column-content-centered\"><div class=\"fusion-column-content\"><div class=\"fusion-sep-clear\"><\/div><div class=\"fusion-separator fusion-no-large-visibility fusion-full-width-sep\" style=\"margin-left: auto;margin-right: auto;margin-top:50px;width:100%;\"><\/div><div class=\"fusion-sep-clear\"><\/div><div class=\"fusion-text fusion-text-1\" style=\"font-size:17px;\"><p><span style=\"color: #999999;\">As a complement to the porcelain and giftware business, in December 1942, Hugo Vin\u00e7on decided to open Sala Vin\u00e7on. It was an art gallery, also with an entrance on Passeig de Gr\u00e0cia but independent from the store. In the gallery, individual and collective exhibitions of local artists were held every two weeks or so. They were mainly figurative landscape paintings, portraits or still lifes of a decorative nature that could help stimulate the store\u2019s sales. The space, classic and conventional, was decorated with dark-colored curtains and walls, carpeted floors and a bench to observe the works. Access from the street was through a corridor with showcases that presented a selection of the best products that could be purchased in the store.<\/span><\/p>\n<\/div><\/div><\/div><div class=\"fusion-clearfix\"><\/div><\/div><\/div><\/div><\/div><\/div><\/div><div class=\"fusion-scroll-section-element\" data-section=\"1\" data-element=\"2\" style=\"transition-duration:450ms;&quot;\" ><div class=\"fusion-fullwidth fullwidth-box fusion-builder-row-2 nonhundred-percent-fullwidth hundred-percent-height hundred-percent-height-center-content hundred-percent-height-scrolling fusion-equal-height-columns\" style=\"background-color: #ffffff;background-position: left top;background-repeat: no-repeat;padding-top:65px;padding-right:0px;padding-bottom:50px;padding-left:0px;margin-bottom: 0px;margin-top: 0px;border-width: 0px 0px 0px 0px;border-color:#c6c6c6;border-style:solid;\" ><div class=\"fusion-fullwidth-center-content\"><div class=\"fusion-builder-row fusion-row\"><div class=\"fusion-layout-column fusion_builder_column fusion-builder-column-2 fusion_builder_column_1_2 1_2 fusion-one-half fusion-column-first\" style=\"width:48%; margin-right: 4%;margin-top:0px;margin-bottom:0px;\"><div class=\"fusion-column-wrapper fusion-flex-column-wrapper-legacy\" style=\"background-position:left top;background-repeat:no-repeat;-webkit-background-size:cover;-moz-background-size:cover;-o-background-size:cover;background-size:cover;padding: 0px 0px 0px 0px;\"><div class=\"fusion-column-content-centered\"><div class=\"fusion-column-content\"><span class=\" fusion-imageframe imageframe-none imageframe-2 hover-type-none\"><img decoding=\"async\" width=\"1800\" height=\"1200\" title=\"000_2\" src=\"https:\/\/www.lasalavincon.com\/wp-content\/uploads\/2022\/04\/000_2.jpg\" alt class=\"img-responsive wp-image-14157\" srcset=\"https:\/\/www.lasalavincon.com\/wp-content\/uploads\/2022\/04\/000_2-200x133.jpg 200w, https:\/\/www.lasalavincon.com\/wp-content\/uploads\/2022\/04\/000_2-400x267.jpg 400w, https:\/\/www.lasalavincon.com\/wp-content\/uploads\/2022\/04\/000_2-600x400.jpg 600w, https:\/\/www.lasalavincon.com\/wp-content\/uploads\/2022\/04\/000_2-800x533.jpg 800w, https:\/\/www.lasalavincon.com\/wp-content\/uploads\/2022\/04\/000_2-1200x800.jpg 1200w, https:\/\/www.lasalavincon.com\/wp-content\/uploads\/2022\/04\/000_2.jpg 1800w\" sizes=\"(max-width: 800px) 100vw, 800px\" \/><\/span><\/div><\/div><div class=\"fusion-clearfix\"><\/div><\/div><\/div><div class=\"fusion-layout-column fusion_builder_column fusion-builder-column-3 fusion_builder_column_1_2 1_2 fusion-one-half fusion-column-last\" style=\"width:48%;margin-top:0px;margin-bottom:0px;\"><div class=\"fusion-column-wrapper fusion-flex-column-wrapper-legacy\" style=\"background-position:left top;background-repeat:no-repeat;-webkit-background-size:cover;-moz-background-size:cover;-o-background-size:cover;background-size:cover;padding: 0px 0px 0px 0px;\"><div class=\"fusion-column-content-centered\"><div class=\"fusion-column-content\"><div class=\"fusion-sep-clear\"><\/div><div class=\"fusion-separator fusion-no-large-visibility fusion-full-width-sep\" style=\"margin-left: auto;margin-right: auto;margin-top:50px;width:100%;\"><\/div><div class=\"fusion-sep-clear\"><\/div><div class=\"fusion-text fusion-text-2\" style=\"font-size:17px;\"><p>We know that Jacinto Amat\u2019s role in this new initiative was important, as he became the dealer for some of the artists exhibited in the gallery, as evidenced by various accounting documents kept in the Vin\u00e7on archive. Photographs of some of the inaugurations and celebrations in which Amat appears with various artists and personalities linked to the world of art and culture also corroborate this.<\/p>\n<\/div><\/div><\/div><div class=\"fusion-clearfix\"><\/div><\/div><\/div><\/div><\/div><\/div><\/div><div class=\"fusion-scroll-section-element\" data-section=\"1\" data-element=\"3\" style=\"transition-duration:450ms;&quot;\" ><div class=\"fusion-fullwidth fullwidth-box fusion-builder-row-3 nonhundred-percent-fullwidth hundred-percent-height hundred-percent-height-center-content hundred-percent-height-scrolling fusion-equal-height-columns\" style=\"background-color: #000000;background-position: left top;background-repeat: no-repeat;padding-top:65px;padding-right:0px;padding-bottom:50px;padding-left:0px;margin-bottom: 0px;margin-top: 0px;border-width: 0px 0px 0px 0px;border-color:#c6c6c6;border-style:solid;\" ><div class=\"fusion-fullwidth-center-content\"><div class=\"fusion-builder-row fusion-row\"><div class=\"fusion-layout-column fusion_builder_column fusion-builder-column-4 fusion_builder_column_1_2 1_2 fusion-one-half fusion-column-first\" style=\"width:48%; margin-right: 4%;margin-top:0px;margin-bottom:0px;\"><div class=\"fusion-column-wrapper fusion-flex-column-wrapper-legacy\" style=\"background-position:left top;background-repeat:no-repeat;-webkit-background-size:cover;-moz-background-size:cover;-o-background-size:cover;background-size:cover;padding: 0px 0px 0px 0px;\"><div class=\"fusion-column-content-centered\"><div class=\"fusion-column-content\"><span class=\" fusion-imageframe imageframe-none imageframe-3 hover-type-none\"><img decoding=\"async\" width=\"1800\" height=\"1200\" title=\"000_3\" src=\"https:\/\/www.lasalavincon.com\/wp-content\/uploads\/2022\/04\/000_3.jpg\" alt class=\"img-responsive wp-image-14154\" srcset=\"https:\/\/www.lasalavincon.com\/wp-content\/uploads\/2022\/04\/000_3-200x133.jpg 200w, https:\/\/www.lasalavincon.com\/wp-content\/uploads\/2022\/04\/000_3-400x267.jpg 400w, https:\/\/www.lasalavincon.com\/wp-content\/uploads\/2022\/04\/000_3-600x400.jpg 600w, https:\/\/www.lasalavincon.com\/wp-content\/uploads\/2022\/04\/000_3-800x533.jpg 800w, https:\/\/www.lasalavincon.com\/wp-content\/uploads\/2022\/04\/000_3-1200x800.jpg 1200w, https:\/\/www.lasalavincon.com\/wp-content\/uploads\/2022\/04\/000_3.jpg 1800w\" sizes=\"(max-width: 800px) 100vw, 800px\" \/><\/span><\/div><\/div><div class=\"fusion-clearfix\"><\/div><\/div><\/div><div class=\"fusion-layout-column fusion_builder_column fusion-builder-column-5 fusion_builder_column_1_2 1_2 fusion-one-half fusion-column-last\" style=\"width:48%;margin-top:0px;margin-bottom:0px;\"><div class=\"fusion-column-wrapper fusion-flex-column-wrapper-legacy\" style=\"background-position:left top;background-repeat:no-repeat;-webkit-background-size:cover;-moz-background-size:cover;-o-background-size:cover;background-size:cover;padding: 0px 0px 0px 0px;\"><div class=\"fusion-column-content-centered\"><div class=\"fusion-column-content\"><div class=\"fusion-sep-clear\"><\/div><div class=\"fusion-separator fusion-no-large-visibility fusion-full-width-sep\" style=\"margin-left: auto;margin-right: auto;margin-top:50px;width:100%;\"><\/div><div class=\"fusion-sep-clear\"><\/div><div class=\"fusion-text fusion-text-3\" style=\"font-size:17px;\"><p><span style=\"color: #999999;\">Sala Vin\u00e7on remained open between 1942 and 1949 and some of the artists who showed their work were: Francesc Domingo, Bosch Roger, Juan Commeleran, Nuria Llimona or Francesc Tod\u00f3. Jacinto Amat counted on the advice of the art critic and painter Rafael Benet for the selection of the artists and the organization of the exhibitions.<\/span><\/p>\n<\/div><\/div><\/div><div class=\"fusion-clearfix\"><\/div><\/div><\/div><\/div><\/div><\/div><\/div><div class=\"fusion-scroll-section-element\" data-section=\"1\" data-element=\"4\" style=\"transition-duration:450ms;&quot;\" ><div class=\"fusion-fullwidth fullwidth-box fusion-builder-row-4 nonhundred-percent-fullwidth hundred-percent-height hundred-percent-height-center-content hundred-percent-height-scrolling fusion-equal-height-columns\" style=\"background-color: #ffffff;background-position: left top;background-repeat: no-repeat;padding-top:65px;padding-right:0px;padding-bottom:50px;padding-left:0px;margin-bottom: 0px;margin-top: 0px;border-width: 0px 0px 0px 0px;border-color:#c6c6c6;border-style:solid;\" ><div class=\"fusion-fullwidth-center-content\"><div class=\"fusion-builder-row fusion-row\"><div class=\"fusion-layout-column fusion_builder_column fusion-builder-column-6 fusion_builder_column_1_2 1_2 fusion-one-half fusion-column-first\" style=\"width:48%; margin-right: 4%;margin-top:0px;margin-bottom:0px;\"><div class=\"fusion-column-wrapper fusion-flex-column-wrapper-legacy\" style=\"background-position:left top;background-repeat:no-repeat;-webkit-background-size:cover;-moz-background-size:cover;-o-background-size:cover;background-size:cover;padding: 0px 0px 0px 0px;\"><div class=\"fusion-column-content-centered\"><div class=\"fusion-column-content\"><span class=\" fusion-imageframe imageframe-none imageframe-4 hover-type-none\"><img decoding=\"async\" width=\"1800\" height=\"1200\" title=\"000_4\" src=\"https:\/\/www.lasalavincon.com\/wp-content\/uploads\/2022\/04\/000_4.jpg\" alt class=\"img-responsive wp-image-14151\" srcset=\"https:\/\/www.lasalavincon.com\/wp-content\/uploads\/2022\/04\/000_4-200x133.jpg 200w, https:\/\/www.lasalavincon.com\/wp-content\/uploads\/2022\/04\/000_4-400x267.jpg 400w, https:\/\/www.lasalavincon.com\/wp-content\/uploads\/2022\/04\/000_4-600x400.jpg 600w, https:\/\/www.lasalavincon.com\/wp-content\/uploads\/2022\/04\/000_4-800x533.jpg 800w, https:\/\/www.lasalavincon.com\/wp-content\/uploads\/2022\/04\/000_4-1200x800.jpg 1200w, https:\/\/www.lasalavincon.com\/wp-content\/uploads\/2022\/04\/000_4.jpg 1800w\" sizes=\"(max-width: 800px) 100vw, 800px\" \/><\/span><\/div><\/div><div class=\"fusion-clearfix\"><\/div><\/div><\/div><div class=\"fusion-layout-column fusion_builder_column fusion-builder-column-7 fusion_builder_column_1_2 1_2 fusion-one-half fusion-column-last\" style=\"width:48%;margin-top:0px;margin-bottom:0px;\"><div class=\"fusion-column-wrapper fusion-flex-column-wrapper-legacy\" style=\"background-position:left top;background-repeat:no-repeat;-webkit-background-size:cover;-moz-background-size:cover;-o-background-size:cover;background-size:cover;padding: 0px 0px 0px 0px;\"><div class=\"fusion-column-content-centered\"><div class=\"fusion-column-content\"><div class=\"fusion-sep-clear\"><\/div><div class=\"fusion-separator fusion-no-large-visibility fusion-full-width-sep\" style=\"margin-left: auto;margin-right: auto;margin-top:50px;width:100%;\"><\/div><div class=\"fusion-sep-clear\"><\/div><div class=\"fusion-text fusion-text-4\" style=\"font-size:17px;\"><p>At the end of the 1940s, Hugo Vin\u00e7on decided to close the gallery, but Amat continued his work as an art dealer until his death in 1967. During this period, in which he did not have an exhibition space, he organized, for example, an exhibition in the Galer\u00edas San Jorge, also located in Passeig de Gr\u00e0cia, of the Barbey collection, which included works by artists such as Picasso, Dal\u00ed and Nonell.<\/p>\n<\/div><\/div><\/div><div class=\"fusion-clearfix\"><\/div><\/div><\/div><\/div><\/div><\/div><\/div><div class=\"fusion-scroll-section-element\" data-section=\"1\" data-element=\"5\" style=\"transition-duration:450ms;&quot;\" ><div class=\"fusion-fullwidth fullwidth-box fusion-builder-row-5 nonhundred-percent-fullwidth hundred-percent-height hundred-percent-height-center-content hundred-percent-height-scrolling fusion-equal-height-columns\" style=\"background-color: #000000;background-position: left top;background-repeat: no-repeat;padding-top:65px;padding-right:0px;padding-bottom:50px;padding-left:0px;margin-bottom: 0px;margin-top: 0px;border-width: 0px 0px 0px 0px;border-color:#c6c6c6;border-style:solid;\" ><div class=\"fusion-fullwidth-center-content\"><div class=\"fusion-builder-row fusion-row\"><div class=\"fusion-layout-column fusion_builder_column fusion-builder-column-8 fusion_builder_column_1_2 1_2 fusion-one-half fusion-column-first\" style=\"width:48%; margin-right: 4%;margin-top:0px;margin-bottom:0px;\"><div class=\"fusion-column-wrapper fusion-flex-column-wrapper-legacy\" style=\"background-position:left top;background-repeat:no-repeat;-webkit-background-size:cover;-moz-background-size:cover;-o-background-size:cover;background-size:cover;padding: 0px 0px 0px 0px;\"><div class=\"fusion-column-content-centered\"><div class=\"fusion-column-content\"><span class=\" fusion-imageframe imageframe-none imageframe-5 hover-type-none\"><img decoding=\"async\" width=\"1800\" height=\"1200\" title=\"000_5\" src=\"https:\/\/www.lasalavincon.com\/wp-content\/uploads\/2022\/04\/000_5.jpg\" alt class=\"img-responsive wp-image-14148\" srcset=\"https:\/\/www.lasalavincon.com\/wp-content\/uploads\/2022\/04\/000_5-200x133.jpg 200w, https:\/\/www.lasalavincon.com\/wp-content\/uploads\/2022\/04\/000_5-400x267.jpg 400w, https:\/\/www.lasalavincon.com\/wp-content\/uploads\/2022\/04\/000_5-600x400.jpg 600w, https:\/\/www.lasalavincon.com\/wp-content\/uploads\/2022\/04\/000_5-800x533.jpg 800w, https:\/\/www.lasalavincon.com\/wp-content\/uploads\/2022\/04\/000_5-1200x800.jpg 1200w, https:\/\/www.lasalavincon.com\/wp-content\/uploads\/2022\/04\/000_5.jpg 1800w\" sizes=\"(max-width: 800px) 100vw, 800px\" \/><\/span><\/div><\/div><div class=\"fusion-clearfix\"><\/div><\/div><\/div><div class=\"fusion-layout-column fusion_builder_column fusion-builder-column-9 fusion_builder_column_1_2 1_2 fusion-one-half fusion-column-last\" style=\"width:48%;margin-top:0px;margin-bottom:0px;\"><div class=\"fusion-column-wrapper fusion-flex-column-wrapper-legacy\" style=\"background-position:left top;background-repeat:no-repeat;-webkit-background-size:cover;-moz-background-size:cover;-o-background-size:cover;background-size:cover;padding: 0px 0px 0px 0px;\"><div class=\"fusion-column-content-centered\"><div class=\"fusion-column-content\"><div class=\"fusion-sep-clear\"><\/div><div class=\"fusion-separator fusion-no-large-visibility fusion-full-width-sep\" style=\"margin-left: auto;margin-right: auto;margin-top:50px;width:100%;\"><\/div><div class=\"fusion-sep-clear\"><\/div><div class=\"fusion-text fusion-text-5\" style=\"font-size:17px;\"><p><span style=\"color: #999999;\">The gallery had its own image that was used in catalogs, invitations and advertisements in the press, which changed on two occasions. For the inaugural season (1942-1943) the gallery\u2019s initials were used superimposed to form an image similar to a trophy. At the beginning of the 1943-1944 season, the first change was made, which consisted of the use of the complete name of the hall in bold letters. It is a typography similar to the one used on the Hugo Vin\u00e7on Gifts sign, which is probably adopted with the intention of making the public associate both spaces.<\/span><\/p>\n<\/div><\/div><\/div><div class=\"fusion-clearfix\"><\/div><\/div><\/div><\/div><\/div><\/div><\/div><div class=\"fusion-scroll-section-element\" data-section=\"1\" data-element=\"6\" style=\"transition-duration:450ms;&quot;\" ><div class=\"fusion-fullwidth fullwidth-box fusion-builder-row-6 nonhundred-percent-fullwidth hundred-percent-height hundred-percent-height-center-content hundred-percent-height-scrolling fusion-equal-height-columns\" style=\"background-color: #ffffff;background-position: left top;background-repeat: no-repeat;padding-top:65px;padding-right:0px;padding-bottom:50px;padding-left:0px;margin-bottom: 0px;margin-top: 0px;border-width: 0px 0px 0px 0px;border-color:#c6c6c6;border-style:solid;\" ><div class=\"fusion-fullwidth-center-content\"><div class=\"fusion-builder-row fusion-row\"><div class=\"fusion-layout-column fusion_builder_column fusion-builder-column-10 fusion_builder_column_1_2 1_2 fusion-one-half fusion-column-first\" style=\"width:48%; margin-right: 4%;margin-top:0px;margin-bottom:0px;\"><div class=\"fusion-column-wrapper fusion-flex-column-wrapper-legacy\" style=\"background-position:left top;background-repeat:no-repeat;-webkit-background-size:cover;-moz-background-size:cover;-o-background-size:cover;background-size:cover;padding: 0px 0px 0px 0px;\"><div class=\"fusion-column-content-centered\"><div class=\"fusion-column-content\"><span class=\" fusion-imageframe imageframe-none imageframe-6 hover-type-none\"><img decoding=\"async\" width=\"1800\" height=\"1200\" title=\"000_6\" src=\"https:\/\/www.lasalavincon.com\/wp-content\/uploads\/2022\/04\/000_6.jpg\" alt class=\"img-responsive wp-image-14142\" srcset=\"https:\/\/www.lasalavincon.com\/wp-content\/uploads\/2022\/04\/000_6-200x133.jpg 200w, https:\/\/www.lasalavincon.com\/wp-content\/uploads\/2022\/04\/000_6-400x267.jpg 400w, https:\/\/www.lasalavincon.com\/wp-content\/uploads\/2022\/04\/000_6-600x400.jpg 600w, https:\/\/www.lasalavincon.com\/wp-content\/uploads\/2022\/04\/000_6-800x533.jpg 800w, https:\/\/www.lasalavincon.com\/wp-content\/uploads\/2022\/04\/000_6-1200x800.jpg 1200w, https:\/\/www.lasalavincon.com\/wp-content\/uploads\/2022\/04\/000_6.jpg 1800w\" sizes=\"(max-width: 800px) 100vw, 800px\" \/><\/span><\/div><\/div><div class=\"fusion-clearfix\"><\/div><\/div><\/div><div class=\"fusion-layout-column fusion_builder_column fusion-builder-column-11 fusion_builder_column_1_2 1_2 fusion-one-half fusion-column-last\" style=\"width:48%;margin-top:0px;margin-bottom:0px;\"><div class=\"fusion-column-wrapper fusion-flex-column-wrapper-legacy\" style=\"background-position:left top;background-repeat:no-repeat;-webkit-background-size:cover;-moz-background-size:cover;-o-background-size:cover;background-size:cover;padding: 0px 0px 0px 0px;\"><div class=\"fusion-column-content-centered\"><div class=\"fusion-column-content\"><div class=\"fusion-sep-clear\"><\/div><div class=\"fusion-separator fusion-no-large-visibility fusion-full-width-sep\" style=\"margin-left: auto;margin-right: auto;margin-top:50px;width:100%;\"><\/div><div class=\"fusion-sep-clear\"><\/div><div class=\"fusion-text fusion-text-6\" style=\"font-size:17px;\"><p>But at the beginning of the 1944-1945 season, a new change is made in the typography, which is completely different from the previous one, trying to give it a modern air and a certain personality, introducing a small wink by replacing the cedilla of the c with a comma. This logo would remain until the closing of the space in 1949.<\/p>\n<p><strong>M. Jos\u00e9 Balcells<\/strong><br \/>Documentation Department<br \/>Design Museum<\/p>\n<\/div><\/div><\/div><div class=\"fusion-clearfix\"><\/div><\/div><\/div><\/div><\/div><\/div><\/div><nav id=\"fusion-scroll-section-nav-1\" class=\"fusion-scroll-section-nav scroll-navigation-right\" data-section=\"1\" ><ul><li><a href=\"#fusion-scroll-section-element-1-1\" class=\"fusion-scroll-section-link\" data-name=\"\" data-element=\"1\"><span class=\"fusion-scroll-section-link-bullet\"><\/span><\/a><\/li><li><a href=\"#fusion-scroll-section-element-1-2\" class=\"fusion-scroll-section-link\" data-name=\"\" data-element=\"2\"><span class=\"fusion-scroll-section-link-bullet\"><\/span><\/a><\/li><li><a href=\"#fusion-scroll-section-element-1-3\" class=\"fusion-scroll-section-link\" data-name=\"\" data-element=\"3\"><span class=\"fusion-scroll-section-link-bullet\"><\/span><\/a><\/li><li><a href=\"#fusion-scroll-section-element-1-4\" class=\"fusion-scroll-section-link\" data-name=\"\" data-element=\"4\"><span class=\"fusion-scroll-section-link-bullet\"><\/span><\/a><\/li><li><a href=\"#fusion-scroll-section-element-1-5\" class=\"fusion-scroll-section-link\" data-name=\"\" data-element=\"5\"><span class=\"fusion-scroll-section-link-bullet\"><\/span><\/a><\/li><li><a href=\"#fusion-scroll-section-element-1-6\" class=\"fusion-scroll-section-link\" data-name=\"\" data-element=\"6\"><span class=\"fusion-scroll-section-link-bullet\"><\/span><\/a><\/li><\/ul><\/nav><\/div><\/p>\n","protected":false},"excerpt":{"rendered":"","protected":false},"author":1,"featured_media":0,"parent":0,"menu_order":0,"comment_status":"closed","ping_status":"closed","template":"100-width.php","meta":{"footnotes":""},"class_list":["post-14119","page","type-page","status-publish","hentry"],"_links":{"self":[{"href":"https:\/\/www.lasalavincon.com\/en\/wp-json\/wp\/v2\/pages\/14119","targetHints":{"allow":["GET"]}}],"collection":[{"href":"https:\/\/www.lasalavincon.com\/en\/wp-json\/wp\/v2\/pages"}],"about":[{"href":"https:\/\/www.lasalavincon.com\/en\/wp-json\/wp\/v2\/types\/page"}],"author":[{"embeddable":true,"href":"https:\/\/www.lasalavincon.com\/en\/wp-json\/wp\/v2\/users\/1"}],"replies":[{"embeddable":true,"href":"https:\/\/www.lasalavincon.com\/en\/wp-json\/wp\/v2\/comments?post=14119"}],"version-history":[{"count":3,"href":"https:\/\/www.lasalavincon.com\/en\/wp-json\/wp\/v2\/pages\/14119\/revisions"}],"predecessor-version":[{"id":14162,"href":"https:\/\/www.lasalavincon.com\/en\/wp-json\/wp\/v2\/pages\/14119\/revisions\/14162"}],"wp:attachment":[{"href":"https:\/\/www.lasalavincon.com\/en\/wp-json\/wp\/v2\/media?parent=14119"}],"curies":[{"name":"wp","href":"https:\/\/api.w.org\/{rel}","templated":true}]}}